{"id":3046,"date":"2023-06-26T11:44:26","date_gmt":"2023-06-26T11:44:26","guid":{"rendered":"https:\/\/corremartin.com\/?page_id=3046"},"modified":"2023-10-06T08:10:43","modified_gmt":"2023-10-06T13:10:43","slug":"news","status":"publish","type":"page","link":"https:\/\/corremartin.com\/en\/news\/","title":{"rendered":"News"},"content":{"rendered":"<div data-elementor-type=\"wp-page\" data-elementor-id=\"3046\" class=\"elementor elementor-3046\" data-elementor-post-type=\"page\">\n\t\t\t\t\t\t\t\t\t<section class=\"elementor-section elementor-top-section elementor-element elementor-element-bd99b1c elementor-section-boxed elementor-section-height-default elementor-section-height-default\" data-id=\"bd99b1c\" data-element_type=\"section\">\n\t\t\t\t\t\t<div class=\"elementor-container elementor-column-gap-default\">\n\t\t\t\t\t<div class=\"elementor-column elementor-col-100 elementor-top-column elementor-element elementor-element-58eec49\" data-id=\"58eec49\" data-element_type=\"column\">\n\t\t\t<div class=\"elementor-widget-wrap elementor-element-populated\">\n\t\t\t\t\t\t\t\t<div class=\"elementor-element elementor-element-7824e92 elementor-widget elementor-widget-heading\" data-id=\"7824e92\" data-element_type=\"widget\" data-widget_type=\"heading.default\">\n\t\t\t\t<div class=\"elementor-widget-container\">\n\t\t\t<style>\/*! elementor - v3.16.0 - 14-09-2023 *\/\n.elementor-heading-title{padding:0;margin:0;line-height:1}.elementor-widget-heading .elementor-heading-title[class*=elementor-size-]>a{color:inherit;font-size:inherit;line-height:inherit}.elementor-widget-heading .elementor-heading-title.elementor-size-small{font-size:15px}.elementor-widget-heading .elementor-heading-title.elementor-size-medium{font-size:19px}.elementor-widget-heading .elementor-heading-title.elementor-size-large{font-size:29px}.elementor-widget-heading .elementor-heading-title.elementor-size-xl{font-size:39px}.elementor-widget-heading .elementor-heading-title.elementor-size-xxl{font-size:59px}<\/style><h2 class=\"elementor-heading-title elementor-size-default\">News<\/h2>\t\t<\/div>\n\t\t\t\t<\/div>\n\t\t\t\t<div class=\"elementor-element elementor-element-c1630a3 elementor-grid-3 elementor-grid-tablet-2 elementor-grid-mobile-1 elementor-posts--thumbnail-top elementor-card-shadow-yes elementor-posts__hover-gradient elementor-widget elementor-widget-posts\" data-id=\"c1630a3\" data-element_type=\"widget\" data-settings=\"{&quot;pagination_type&quot;:&quot;numbers_and_prev_next&quot;,&quot;cards_columns&quot;:&quot;3&quot;,&quot;cards_columns_tablet&quot;:&quot;2&quot;,&quot;cards_columns_mobile&quot;:&quot;1&quot;,&quot;cards_row_gap&quot;:{&quot;unit&quot;:&quot;px&quot;,&quot;size&quot;:35,&quot;sizes&quot;:[]},&quot;cards_row_gap_tablet&quot;:{&quot;unit&quot;:&quot;px&quot;,&quot;size&quot;:&quot;&quot;,&quot;sizes&quot;:[]},&quot;cards_row_gap_mobile&quot;:{&quot;unit&quot;:&quot;px&quot;,&quot;size&quot;:&quot;&quot;,&quot;sizes&quot;:[]}}\" data-widget_type=\"posts.cards\">\n\t\t\t\t<div class=\"elementor-widget-container\">\n\t\t\t<link rel=\"stylesheet\" href=\"https:\/\/corremartin.com\/wp-content\/plugins\/elementor-pro\/assets\/css\/widget-posts.min.css\">\t\t<div class=\"elementor-posts-container elementor-posts elementor-posts--skin-cards elementor-grid\">\n\t\t\t\t<article class=\"elementor-post elementor-grid-item post-5277 post type-post status-publish format-standard has-post-thumbnail hentry category-news\">\n\t\t\t<div class=\"elementor-post__card\">\n\t\t\t\t<a class=\"elementor-post__thumbnail__link\" href=\"https:\/\/corremartin.com\/en\/2024\/10\/23\/cesar-ivan-perez-se-corona-campeon-de-jiujitsu-en-los-jiu-jitsu-world-championship-heraklion-grecia-2024-y-trae-una-medalla-historica-para-panama\/\" tabindex=\"-1\" ><div class=\"elementor-post__thumbnail\"><img loading=\"lazy\" decoding=\"async\" width=\"300\" height=\"169\" src=\"https:\/\/corremartin.com\/wp-content\/uploads\/2024\/10\/Grecia-2024-300x169.jpeg\" class=\"attachment-medium size-medium wp-image-5278\" alt=\"\" srcset=\"https:\/\/corremartin.com\/wp-content\/uploads\/2024\/10\/Grecia-2024-300x169.jpeg 300w, https:\/\/corremartin.com\/wp-content\/uploads\/2024\/10\/Grecia-2024-1024x577.jpeg 1024w, https:\/\/corremartin.com\/wp-content\/uploads\/2024\/10\/Grecia-2024-768x433.jpeg 768w, https:\/\/corremartin.com\/wp-content\/uploads\/2024\/10\/Grecia-2024-18x10.jpeg 18w, https:\/\/corremartin.com\/wp-content\/uploads\/2024\/10\/Grecia-2024-600x338.jpeg 600w, https:\/\/corremartin.com\/wp-content\/uploads\/2024\/10\/Grecia-2024.jpeg 1252w\" sizes=\"auto, (max-width: 300px) 100vw, 300px\" \/><\/div><\/a>\n\t\t\t\t<div class=\"elementor-post__badge\">News<\/div>\n\t\t\t\t<div class=\"elementor-post__text\">\n\t\t\t\t<h3 class=\"elementor-post__title\">\n\t\t\t<a href=\"https:\/\/corremartin.com\/en\/2024\/10\/23\/cesar-ivan-perez-se-corona-campeon-de-jiujitsu-en-los-jiu-jitsu-world-championship-heraklion-grecia-2024-y-trae-una-medalla-historica-para-panama\/\" >\n\t\t\t\tC\u00e9sar Iv\u00e1n P\u00e9rez se corona campe\u00f3n Mundial en los Jiu-Jitsu World Championship Heraklion &#8211; Grecia 2024 y trae una medalla hist\u00f3rica para Panam\u00e1\t\t\t<\/a>\n\t\t<\/h3>\n\t\t\t\t<div class=\"elementor-post__excerpt\">\n\t\t\t<p>Hoy Octubre 23 2024, las artes marciales en Panam\u00e1 se visten de fiesta, C\u00e9sar Iv\u00e1n P\u00e9rez se ha coronado Campe\u00f3n Mundial en los Jiu-jitsu World<\/p>\n\t\t<\/div>\n\t\t\n\t\t<a class=\"elementor-post__read-more\" href=\"https:\/\/corremartin.com\/en\/2024\/10\/23\/cesar-ivan-perez-se-corona-campeon-de-jiujitsu-en-los-jiu-jitsu-world-championship-heraklion-grecia-2024-y-trae-una-medalla-historica-para-panama\/\" aria-label=\"Read more about C\u00e9sar Iv\u00e1n P\u00e9rez se corona campe\u00f3n Mundial en los Jiu-Jitsu World Championship Heraklion &#8211; Grecia 2024 y trae una medalla hist\u00f3rica para Panam\u00e1\" tabindex=\"-1\" >\n\t\t\tContinue Reading\t\t<\/a>\n\n\t\t\t\t<\/div>\n\t\t\t\t\t<\/div>\n\t\t<\/article>\n\t\t\t\t<article class=\"elementor-post elementor-grid-item post-5164 post type-post status-publish format-standard has-post-thumbnail hentry category-news tag-apoyo-a-atletas tag-atleta tag-atletas-de-alto-rendimiento tag-corremartin tag-deportes tag-deportistas tag-impulso-al-deporte-en-latinoamerica tag-karate\">\n\t\t\t<div class=\"elementor-post__card\">\n\t\t\t\t<a class=\"elementor-post__thumbnail__link\" href=\"https:\/\/corremartin.com\/en\/2024\/01\/10\/corremartin-lanza-su-primera-campana-del-2024-conoce-aprende-y-apoya-a-hector-cencion-para-r\/\" tabindex=\"-1\" ><div class=\"elementor-post__thumbnail\"><img loading=\"lazy\" decoding=\"async\" width=\"298\" height=\"300\" src=\"https:\/\/corremartin.com\/wp-content\/uploads\/2023\/08\/corremartin-Hector-cencion-BIO-298x300.jpg\" class=\"attachment-medium size-medium wp-image-4249\" alt=\"\" srcset=\"https:\/\/corremartin.com\/wp-content\/uploads\/2023\/08\/corremartin-Hector-cencion-BIO-298x300.jpg 298w, https:\/\/corremartin.com\/wp-content\/uploads\/2023\/08\/corremartin-Hector-cencion-BIO-1018x1024.jpg 1018w, https:\/\/corremartin.com\/wp-content\/uploads\/2023\/08\/corremartin-Hector-cencion-BIO-150x150.jpg 150w, https:\/\/corremartin.com\/wp-content\/uploads\/2023\/08\/corremartin-Hector-cencion-BIO-768x773.jpg 768w, https:\/\/corremartin.com\/wp-content\/uploads\/2023\/08\/corremartin-Hector-cencion-BIO-12x12.jpg 12w, https:\/\/corremartin.com\/wp-content\/uploads\/2023\/08\/corremartin-Hector-cencion-BIO-600x604.jpg 600w, https:\/\/corremartin.com\/wp-content\/uploads\/2023\/08\/corremartin-Hector-cencion-BIO-100x100.jpg 100w, https:\/\/corremartin.com\/wp-content\/uploads\/2023\/08\/corremartin-Hector-cencion-BIO-50x50.jpg 50w, https:\/\/corremartin.com\/wp-content\/uploads\/2023\/08\/corremartin-Hector-cencion-BIO-45x45.jpg 45w, https:\/\/corremartin.com\/wp-content\/uploads\/2023\/08\/corremartin-Hector-cencion-BIO.jpg 1119w\" sizes=\"auto, (max-width: 298px) 100vw, 298px\" \/><\/div><\/a>\n\t\t\t\t<div class=\"elementor-post__badge\">News<\/div>\n\t\t\t\t<div class=\"elementor-post__text\">\n\t\t\t\t<h3 class=\"elementor-post__title\">\n\t\t\t<a href=\"https:\/\/corremartin.com\/en\/2024\/01\/10\/corremartin-lanza-su-primera-campana-del-2024-conoce-aprende-y-apoya-a-hector-cencion-para-r\/\" >\n\t\t\t\tCorremartin lanza su primera iniciativa del 2024: Conoce a H\u00e9ctor Cenci\u00f3n + Tips y Sugerencias de H\u00e9ctor Cenci\u00f3n para llegar a tu m\u00e1ximo nivel como deportista de alto rendimiento\t\t\t<\/a>\n\t\t<\/h3>\n\t\t\t\t<div class=\"elementor-post__excerpt\">\n\t\t\t<p>Corremartin, 25 de enero de 2024 \u2014 En un esfuerzo por respaldar el talento local y promover el deporte en la comunidad, la ciudad de<\/p>\n\t\t<\/div>\n\t\t\n\t\t<a class=\"elementor-post__read-more\" href=\"https:\/\/corremartin.com\/en\/2024\/01\/10\/corremartin-lanza-su-primera-campana-del-2024-conoce-aprende-y-apoya-a-hector-cencion-para-r\/\" aria-label=\"Read more about Corremartin lanza su primera iniciativa del 2024: Conoce a H\u00e9ctor Cenci\u00f3n + Tips y Sugerencias de H\u00e9ctor Cenci\u00f3n para llegar a tu m\u00e1ximo nivel como deportista de alto rendimiento\" tabindex=\"-1\" >\n\t\t\tContinue Reading\t\t<\/a>\n\n\t\t\t\t<\/div>\n\t\t\t\t\t<\/div>\n\t\t<\/article>\n\t\t\t\t<article class=\"elementor-post elementor-grid-item post-5113 post type-post status-publish format-standard has-post-thumbnail hentry category-news tag-tabogazo tag-natacion-panama tag-tabogazo-2023 tag-westin-playa-bonita-panama\">\n\t\t\t<div class=\"elementor-post__card\">\n\t\t\t\t<a class=\"elementor-post__thumbnail__link\" href=\"https:\/\/corremartin.com\/en\/2023\/12\/05\/corremartin-apoya-a-anthony-castro-en-su-participacion-en-la-sexta-edicion-de-el-tabogazo-todaunaexperiencia-2023\/\" tabindex=\"-1\" ><div class=\"elementor-post__thumbnail\"><img loading=\"lazy\" decoding=\"async\" width=\"300\" height=\"200\" src=\"https:\/\/corremartin.com\/wp-content\/uploads\/2023\/12\/corremartin-anthony-castro-oceanman-panama-2023-300x200.jpg\" class=\"attachment-medium size-medium wp-image-5114\" alt=\"\" srcset=\"https:\/\/corremartin.com\/wp-content\/uploads\/2023\/12\/corremartin-anthony-castro-oceanman-panama-2023-300x200.jpg 300w, https:\/\/corremartin.com\/wp-content\/uploads\/2023\/12\/corremartin-anthony-castro-oceanman-panama-2023-1024x684.jpg 1024w, https:\/\/corremartin.com\/wp-content\/uploads\/2023\/12\/corremartin-anthony-castro-oceanman-panama-2023-768x513.jpg 768w, https:\/\/corremartin.com\/wp-content\/uploads\/2023\/12\/corremartin-anthony-castro-oceanman-panama-2023-18x12.jpg 18w, https:\/\/corremartin.com\/wp-content\/uploads\/2023\/12\/corremartin-anthony-castro-oceanman-panama-2023-600x401.jpg 600w, https:\/\/corremartin.com\/wp-content\/uploads\/2023\/12\/corremartin-anthony-castro-oceanman-panama-2023.jpg 1408w\" sizes=\"auto, (max-width: 300px) 100vw, 300px\" \/><\/div><\/a>\n\t\t\t\t<div class=\"elementor-post__badge\">News<\/div>\n\t\t\t\t<div class=\"elementor-post__text\">\n\t\t\t\t<h3 class=\"elementor-post__title\">\n\t\t\t<a href=\"https:\/\/corremartin.com\/en\/2023\/12\/05\/corremartin-apoya-a-anthony-castro-en-su-participacion-en-la-sexta-edicion-de-el-tabogazo-todaunaexperiencia-2023\/\" >\n\t\t\t\tCorremartin supports Anthony Castro in his participation in the Sixth edition of El Tabogazo #fullexperience 2023\t\t\t<\/a>\n\t\t<\/h3>\n\t\t\t\t<div class=\"elementor-post__excerpt\">\n\t\t\t<p>El evento anual de nataci\u00f3n de aguas abiertas Tabogazo 2023 est\u00e1 a la vuelta de la esquina, programado para el 9 de diciembre en el<\/p>\n\t\t<\/div>\n\t\t\n\t\t<a class=\"elementor-post__read-more\" href=\"https:\/\/corremartin.com\/en\/2023\/12\/05\/corremartin-apoya-a-anthony-castro-en-su-participacion-en-la-sexta-edicion-de-el-tabogazo-todaunaexperiencia-2023\/\" aria-label=\"Read more about Corremartin apoya a Anthony Castro en su participaci\u00f3n en la Sexta edici\u00f3n de El Tabogazo #todaunaexperiencia 2023\" tabindex=\"-1\" >\n\t\t\tContinue Reading\t\t<\/a>\n\n\t\t\t\t<\/div>\n\t\t\t\t\t<\/div>\n\t\t<\/article>\n\t\t\t\t<article class=\"elementor-post elementor-grid-item post-5104 post type-post status-publish format-standard has-post-thumbnail hentry category-news\">\n\t\t\t<div class=\"elementor-post__card\">\n\t\t\t\t<a class=\"elementor-post__thumbnail__link\" href=\"https:\/\/corremartin.com\/en\/2023\/12\/01\/historias-que-inspiran-fernando-aguerre-surfista-empresario-y-visionario-lider-en-el-mundo-del-surf\/\" tabindex=\"-1\" ><div class=\"elementor-post__thumbnail\"><img loading=\"lazy\" decoding=\"async\" width=\"300\" height=\"169\" src=\"https:\/\/corremartin.com\/wp-content\/uploads\/2023\/12\/178836-1-fernandoaguerre-300x169.jpg\" class=\"attachment-medium size-medium wp-image-5108\" alt=\"\" srcset=\"https:\/\/corremartin.com\/wp-content\/uploads\/2023\/12\/178836-1-fernandoaguerre-300x169.jpg 300w, https:\/\/corremartin.com\/wp-content\/uploads\/2023\/12\/178836-1-fernandoaguerre-768x432.jpg 768w, https:\/\/corremartin.com\/wp-content\/uploads\/2023\/12\/178836-1-fernandoaguerre-18x10.jpg 18w, https:\/\/corremartin.com\/wp-content\/uploads\/2023\/12\/178836-1-fernandoaguerre-600x338.jpg 600w, https:\/\/corremartin.com\/wp-content\/uploads\/2023\/12\/178836-1-fernandoaguerre.jpg 960w\" sizes=\"auto, (max-width: 300px) 100vw, 300px\" \/><\/div><\/a>\n\t\t\t\t<div class=\"elementor-post__badge\">News<\/div>\n\t\t\t\t<div class=\"elementor-post__text\">\n\t\t\t\t<h3 class=\"elementor-post__title\">\n\t\t\t<a href=\"https:\/\/corremartin.com\/en\/2023\/12\/01\/historias-que-inspiran-fernando-aguerre-surfista-empresario-y-visionario-lider-en-el-mundo-del-surf\/\" >\n\t\t\t\tHistorias que inspiran: Fernando Aguerre &#8211; Surfista, Empresario y Visionario L\u00edder en el Mundo del Surf\t\t\t<\/a>\n\t\t<\/h3>\n\t\t\t\t<div class=\"elementor-post__excerpt\">\n\t\t\t<p>\u201cEl mar es uno de los pocos lugares que quedaron donde somos todos iguales. Las playas son p\u00fablicas, hay balnearios privados, pero en el mar no hay nada, es de todos.<\/p>\n\t\t<\/div>\n\t\t\n\t\t<a class=\"elementor-post__read-more\" href=\"https:\/\/corremartin.com\/en\/2023\/12\/01\/historias-que-inspiran-fernando-aguerre-surfista-empresario-y-visionario-lider-en-el-mundo-del-surf\/\" aria-label=\"Read more about Historias que inspiran: Fernando Aguerre &#8211; Surfista, Empresario y Visionario L\u00edder en el Mundo del Surf\" tabindex=\"-1\" >\n\t\t\tContinue Reading\t\t<\/a>\n\n\t\t\t\t<\/div>\n\t\t\t\t\t<\/div>\n\t\t<\/article>\n\t\t\t\t<article class=\"elementor-post elementor-grid-item post-4998 post type-post status-publish format-standard has-post-thumbnail hentry category-news tag-artes-marciales-mixtas-panama tag-ucc64 tag-yovanis-decroz\">\n\t\t\t<div class=\"elementor-post__card\">\n\t\t\t\t<a class=\"elementor-post__thumbnail__link\" href=\"https:\/\/corremartin.com\/en\/2023\/11\/27\/yovanis-decroz-asegura-una-impresionante-victoria-por-sumision-en-su-primera-pelea-profesional-en-ucc-64-en-la-ciudad-de-panama\/\" tabindex=\"-1\" ><div class=\"elementor-post__thumbnail\"><img loading=\"lazy\" decoding=\"async\" width=\"300\" height=\"240\" src=\"https:\/\/corremartin.com\/wp-content\/uploads\/2023\/11\/Yovanis-Decroz-UCC64-1-1-300x240.jpg\" class=\"attachment-medium size-medium wp-image-5000\" alt=\"\" srcset=\"https:\/\/corremartin.com\/wp-content\/uploads\/2023\/11\/Yovanis-Decroz-UCC64-1-1-300x240.jpg 300w, https:\/\/corremartin.com\/wp-content\/uploads\/2023\/11\/Yovanis-Decroz-UCC64-1-1-1024x819.jpg 1024w, https:\/\/corremartin.com\/wp-content\/uploads\/2023\/11\/Yovanis-Decroz-UCC64-1-1-768x614.jpg 768w, https:\/\/corremartin.com\/wp-content\/uploads\/2023\/11\/Yovanis-Decroz-UCC64-1-1-1536x1229.jpg 1536w, https:\/\/corremartin.com\/wp-content\/uploads\/2023\/11\/Yovanis-Decroz-UCC64-1-1-2048x1638.jpg 2048w, https:\/\/corremartin.com\/wp-content\/uploads\/2023\/11\/Yovanis-Decroz-UCC64-1-1-15x12.jpg 15w, https:\/\/corremartin.com\/wp-content\/uploads\/2023\/11\/Yovanis-Decroz-UCC64-1-1-600x480.jpg 600w\" sizes=\"auto, (max-width: 300px) 100vw, 300px\" \/><\/div><\/a>\n\t\t\t\t<div class=\"elementor-post__badge\">News<\/div>\n\t\t\t\t<div class=\"elementor-post__text\">\n\t\t\t\t<h3 class=\"elementor-post__title\">\n\t\t\t<a href=\"https:\/\/corremartin.com\/en\/2023\/11\/27\/yovanis-decroz-asegura-una-impresionante-victoria-por-sumision-en-su-primera-pelea-profesional-en-ucc-64-en-la-ciudad-de-panama\/\" >\n\t\t\t\tYovanis Decroz Asegura una Impresionante Victoria por Sumisi\u00f3n en su primera pelea Profesional en UCC #64 en la Ciudad de Panam\u00e1\t\t\t<\/a>\n\t\t<\/h3>\n\t\t\t\t<div class=\"elementor-post__excerpt\">\n\t\t\t<p>En una emocionante exhibici\u00f3n de habilidad y determinaci\u00f3n, Yovanis Decroz emergi\u00f3 victorioso mediante una sumisi\u00f3n decisiva en el evento UCC #64 en la categor\u00eda de<\/p>\n\t\t<\/div>\n\t\t\n\t\t<a class=\"elementor-post__read-more\" href=\"https:\/\/corremartin.com\/en\/2023\/11\/27\/yovanis-decroz-asegura-una-impresionante-victoria-por-sumision-en-su-primera-pelea-profesional-en-ucc-64-en-la-ciudad-de-panama\/\" aria-label=\"Read more about Yovanis Decroz Asegura una Impresionante Victoria por Sumisi\u00f3n en su primera pelea Profesional en UCC #64 en la Ciudad de Panam\u00e1\" tabindex=\"-1\" >\n\t\t\tContinue Reading\t\t<\/a>\n\n\t\t\t\t<\/div>\n\t\t\t\t\t<\/div>\n\t\t<\/article>\n\t\t\t\t<article class=\"elementor-post elementor-grid-item post-4991 post type-post status-publish format-standard has-post-thumbnail hentry category-news tag-apoyo-al-deporte tag-karate-panama tag-network-corremartin\">\n\t\t\t<div class=\"elementor-post__card\">\n\t\t\t\t<a class=\"elementor-post__thumbnail__link\" href=\"https:\/\/corremartin.com\/en\/2023\/11\/27\/melani-gonzalez-destaca-en-el-cuarto-campeonato-provincial-de-panama-y-avanza-al-nacional-en-karate\/\" tabindex=\"-1\" ><div class=\"elementor-post__thumbnail\"><img loading=\"lazy\" decoding=\"async\" width=\"300\" height=\"248\" src=\"https:\/\/corremartin.com\/wp-content\/uploads\/2023\/11\/Melany-Gonzalez-NEWS-300x248.jpg\" class=\"attachment-medium size-medium wp-image-4994\" alt=\"\" srcset=\"https:\/\/corremartin.com\/wp-content\/uploads\/2023\/11\/Melany-Gonzalez-NEWS-300x248.jpg 300w, https:\/\/corremartin.com\/wp-content\/uploads\/2023\/11\/Melany-Gonzalez-NEWS-1024x846.jpg 1024w, https:\/\/corremartin.com\/wp-content\/uploads\/2023\/11\/Melany-Gonzalez-NEWS-768x635.jpg 768w, https:\/\/corremartin.com\/wp-content\/uploads\/2023\/11\/Melany-Gonzalez-NEWS-1536x1270.jpg 1536w, https:\/\/corremartin.com\/wp-content\/uploads\/2023\/11\/Melany-Gonzalez-NEWS-2048x1693.jpg 2048w, https:\/\/corremartin.com\/wp-content\/uploads\/2023\/11\/Melany-Gonzalez-NEWS-15x12.jpg 15w, https:\/\/corremartin.com\/wp-content\/uploads\/2023\/11\/Melany-Gonzalez-NEWS-600x496.jpg 600w\" sizes=\"auto, (max-width: 300px) 100vw, 300px\" \/><\/div><\/a>\n\t\t\t\t<div class=\"elementor-post__badge\">News<\/div>\n\t\t\t\t<div class=\"elementor-post__text\">\n\t\t\t\t<h3 class=\"elementor-post__title\">\n\t\t\t<a href=\"https:\/\/corremartin.com\/en\/2023\/11\/27\/melani-gonzalez-destaca-en-el-cuarto-campeonato-provincial-de-panama-y-avanza-al-nacional-en-karate\/\" >\n\t\t\t\tMelani Gonzalez Shines in the Fourth Provincial Championship of Panama and Advances to the National Level in Karate\t\t\t<\/a>\n\t\t<\/h3>\n\t\t\t\t<div class=\"elementor-post__excerpt\">\n\t\t\t<p>Melani Gonzalez, una destacada atleta de karate, brill\u00f3 en el reciente Cuarto Campeonato Provincial de Panam\u00e1, llevado a cabo en diversas categor\u00edas el pasado Domingo<\/p>\n\t\t<\/div>\n\t\t\n\t\t<a class=\"elementor-post__read-more\" href=\"https:\/\/corremartin.com\/en\/2023\/11\/27\/melani-gonzalez-destaca-en-el-cuarto-campeonato-provincial-de-panama-y-avanza-al-nacional-en-karate\/\" aria-label=\"Read more about Melani Gonzalez Destaca en el Cuarto Campeonato Provincial de Panam\u00e1 y Avanza al Nacional en Karate\" tabindex=\"-1\" >\n\t\t\tContinue Reading\t\t<\/a>\n\n\t\t\t\t<\/div>\n\t\t\t\t\t<\/div>\n\t\t<\/article>\n\t\t\t\t<article class=\"elementor-post elementor-grid-item post-4976 post type-post status-publish format-standard has-post-thumbnail hentry category-news\">\n\t\t\t<div class=\"elementor-post__card\">\n\t\t\t\t<a class=\"elementor-post__thumbnail__link\" href=\"https:\/\/corremartin.com\/en\/2023\/11\/23\/yovanis-decroz-en-el-pesaje-para-united-combat-challenge-ucc64-preparado-para-el-desafio-en-las-155-libras\/\" tabindex=\"-1\" ><div class=\"elementor-post__thumbnail\"><img loading=\"lazy\" decoding=\"async\" width=\"300\" height=\"218\" src=\"https:\/\/corremartin.com\/wp-content\/uploads\/2023\/11\/Yovanis-Decroz-UCC64-NEWS-300x218.jpg\" class=\"attachment-medium size-medium wp-image-4982\" alt=\"\" srcset=\"https:\/\/corremartin.com\/wp-content\/uploads\/2023\/11\/Yovanis-Decroz-UCC64-NEWS-300x218.jpg 300w, https:\/\/corremartin.com\/wp-content\/uploads\/2023\/11\/Yovanis-Decroz-UCC64-NEWS-1024x745.jpg 1024w, https:\/\/corremartin.com\/wp-content\/uploads\/2023\/11\/Yovanis-Decroz-UCC64-NEWS-768x559.jpg 768w, https:\/\/corremartin.com\/wp-content\/uploads\/2023\/11\/Yovanis-Decroz-UCC64-NEWS-16x12.jpg 16w, https:\/\/corremartin.com\/wp-content\/uploads\/2023\/11\/Yovanis-Decroz-UCC64-NEWS-600x437.jpg 600w, https:\/\/corremartin.com\/wp-content\/uploads\/2023\/11\/Yovanis-Decroz-UCC64-NEWS.jpg 1190w\" sizes=\"auto, (max-width: 300px) 100vw, 300px\" \/><\/div><\/a>\n\t\t\t\t<div class=\"elementor-post__badge\">News<\/div>\n\t\t\t\t<div class=\"elementor-post__text\">\n\t\t\t\t<h3 class=\"elementor-post__title\">\n\t\t\t<a href=\"https:\/\/corremartin.com\/en\/2023\/11\/23\/yovanis-decroz-en-el-pesaje-para-united-combat-challenge-ucc64-preparado-para-el-desafio-en-las-155-libras\/\" >\n\t\t\t\tYovanis Decroz at the Weigh-in for United Combat Challenge UCC#64: Ready for the Challenge at 155 Pounds\t\t\t<\/a>\n\t\t<\/h3>\n\t\t\t\t<div class=\"elementor-post__excerpt\">\n\t\t\t<p>A solo 24 horas de su esperada pelea en el United Combat Challenge UCC#64, el destacado luchador Yovanis Decroz ha completado con \u00e9xito el pesaje<\/p>\n\t\t<\/div>\n\t\t\n\t\t<a class=\"elementor-post__read-more\" href=\"https:\/\/corremartin.com\/en\/2023\/11\/23\/yovanis-decroz-en-el-pesaje-para-united-combat-challenge-ucc64-preparado-para-el-desafio-en-las-155-libras\/\" aria-label=\"Read more about Yovanis Decroz en el Pesaje para United Combat Challenge UCC#64: Preparado para el Desaf\u00edo en las 155 Libras\" tabindex=\"-1\" >\n\t\t\tContinue Reading\t\t<\/a>\n\n\t\t\t\t<\/div>\n\t\t\t\t\t<\/div>\n\t\t<\/article>\n\t\t\t\t<article class=\"elementor-post elementor-grid-item post-4970 post type-post status-publish format-standard has-post-thumbnail hentry category-news tag-atletas tag-deporte-panama tag-deportes tag-deportes-panama tag-surf-panama tag-surfpanama\">\n\t\t\t<div class=\"elementor-post__card\">\n\t\t\t\t<a class=\"elementor-post__thumbnail__link\" href=\"https:\/\/corremartin.com\/en\/2023\/11\/22\/jose-lopez-embajador-panameno-en-el-isa-world-junior-surf-championship-en-brasil-un-logro-colectivo-de-corremartin\/\" tabindex=\"-1\" ><div class=\"elementor-post__thumbnail\"><img loading=\"lazy\" decoding=\"async\" width=\"300\" height=\"200\" src=\"https:\/\/corremartin.com\/wp-content\/uploads\/2023\/11\/Jose_Lopez-ISA-WORLD-JUNIOR-PIC-300x200.jpg\" class=\"attachment-medium size-medium wp-image-5096\" alt=\"\" srcset=\"https:\/\/corremartin.com\/wp-content\/uploads\/2023\/11\/Jose_Lopez-ISA-WORLD-JUNIOR-PIC-300x200.jpg 300w, https:\/\/corremartin.com\/wp-content\/uploads\/2023\/11\/Jose_Lopez-ISA-WORLD-JUNIOR-PIC-1024x684.jpg 1024w, https:\/\/corremartin.com\/wp-content\/uploads\/2023\/11\/Jose_Lopez-ISA-WORLD-JUNIOR-PIC-768x513.jpg 768w, https:\/\/corremartin.com\/wp-content\/uploads\/2023\/11\/Jose_Lopez-ISA-WORLD-JUNIOR-PIC-18x12.jpg 18w, https:\/\/corremartin.com\/wp-content\/uploads\/2023\/11\/Jose_Lopez-ISA-WORLD-JUNIOR-PIC-600x401.jpg 600w, https:\/\/corremartin.com\/wp-content\/uploads\/2023\/11\/Jose_Lopez-ISA-WORLD-JUNIOR-PIC.jpg 1497w\" sizes=\"auto, (max-width: 300px) 100vw, 300px\" \/><\/div><\/a>\n\t\t\t\t<div class=\"elementor-post__badge\">News<\/div>\n\t\t\t\t<div class=\"elementor-post__text\">\n\t\t\t\t<h3 class=\"elementor-post__title\">\n\t\t\t<a href=\"https:\/\/corremartin.com\/en\/2023\/11\/22\/jose-lopez-embajador-panameno-en-el-isa-world-junior-surf-championship-en-brasil-un-logro-colectivo-de-corremartin\/\" >\n\t\t\t\tJos\u00e9 L\u00f3pez, Panamanian Ambassador at the ISA World Junior Surf Championship in Brazil: A Collective Achievement of Corremart\u00edn\t\t\t<\/a>\n\t\t<\/h3>\n\t\t\t\t<div class=\"elementor-post__excerpt\">\n\t\t\t<p>Hoy quiero compartirles una emocionante noticia para el Surf paname\u00f1o. Jos\u00e9 L\u00f3pez, el surfista Junior de 18 a\u00f1os; no solo ha representado con \u00e9xito a<\/p>\n\t\t<\/div>\n\t\t\n\t\t<a class=\"elementor-post__read-more\" href=\"https:\/\/corremartin.com\/en\/2023\/11\/22\/jose-lopez-embajador-panameno-en-el-isa-world-junior-surf-championship-en-brasil-un-logro-colectivo-de-corremartin\/\" aria-label=\"Read more about Jos\u00e9 L\u00f3pez, Embajador Paname\u00f1o en el ISA World Junior Surf Championship en Brasil: Un Logro Colectivo de Corremart\u00edn\" tabindex=\"-1\" >\n\t\t\tContinue Reading\t\t<\/a>\n\n\t\t\t\t<\/div>\n\t\t\t\t\t<\/div>\n\t\t<\/article>\n\t\t\t\t<article class=\"elementor-post elementor-grid-item post-4841 post type-post status-publish format-standard has-post-thumbnail hentry category-news tag-apoyo-a-atletas tag-artes-marciales-mixtas tag-atleta tag-deportes tag-deportistas tag-panama\">\n\t\t\t<div class=\"elementor-post__card\">\n\t\t\t\t<a class=\"elementor-post__thumbnail__link\" href=\"https:\/\/corremartin.com\/en\/2023\/11\/09\/corremartin-respalda-a-yovanis-decroz-en-su-camino-al-united-combat-challenge-ucc64-en-ciudad-panama\/\" tabindex=\"-1\" ><div class=\"elementor-post__thumbnail\"><img loading=\"lazy\" decoding=\"async\" width=\"300\" height=\"247\" src=\"https:\/\/corremartin.com\/wp-content\/uploads\/2023\/11\/corremartin-Yovanis-Decroz-News-main-300x247.jpg\" class=\"attachment-medium size-medium wp-image-4853\" alt=\"\" srcset=\"https:\/\/corremartin.com\/wp-content\/uploads\/2023\/11\/corremartin-Yovanis-Decroz-News-main-300x247.jpg 300w, https:\/\/corremartin.com\/wp-content\/uploads\/2023\/11\/corremartin-Yovanis-Decroz-News-main-1024x845.jpg 1024w, https:\/\/corremartin.com\/wp-content\/uploads\/2023\/11\/corremartin-Yovanis-Decroz-News-main-768x633.jpg 768w, https:\/\/corremartin.com\/wp-content\/uploads\/2023\/11\/corremartin-Yovanis-Decroz-News-main-15x12.jpg 15w, https:\/\/corremartin.com\/wp-content\/uploads\/2023\/11\/corremartin-Yovanis-Decroz-News-main-600x495.jpg 600w, https:\/\/corremartin.com\/wp-content\/uploads\/2023\/11\/corremartin-Yovanis-Decroz-News-main.jpg 1079w\" sizes=\"auto, (max-width: 300px) 100vw, 300px\" \/><\/div><\/a>\n\t\t\t\t<div class=\"elementor-post__badge\">News<\/div>\n\t\t\t\t<div class=\"elementor-post__text\">\n\t\t\t\t<h3 class=\"elementor-post__title\">\n\t\t\t<a href=\"https:\/\/corremartin.com\/en\/2023\/11\/09\/corremartin-respalda-a-yovanis-decroz-en-su-camino-al-united-combat-challenge-ucc64-en-ciudad-panama\/\" >\n\t\t\t\tCorremartin supports Yovanis Decroz on His Journey to the United Combat Challenge UCC#64 Panama City - Panama, November 24, 2023\t\t\t<\/a>\n\t\t<\/h3>\n\t\t\t\t<div class=\"elementor-post__excerpt\">\n\t\t\t<p>Corremartin, la plataforma comprometida con el respaldo y promoci\u00f3n de talentos destacados, se enorgullece de anunciar su apoyo al talentoso peleador de artes marciales mixtas<\/p>\n\t\t<\/div>\n\t\t\n\t\t<a class=\"elementor-post__read-more\" href=\"https:\/\/corremartin.com\/en\/2023\/11\/09\/corremartin-respalda-a-yovanis-decroz-en-su-camino-al-united-combat-challenge-ucc64-en-ciudad-panama\/\" aria-label=\"Read more about Corremartin respalda a Yovanis Decroz en su camino al United Combat Challenge UCC#64 en Ciudad Panam\u00e1\" tabindex=\"-1\" >\n\t\t\tContinue Reading\t\t<\/a>\n\n\t\t\t\t<\/div>\n\t\t\t\t\t<\/div>\n\t\t<\/article>\n\t\t\t\t<\/div>\n\t\t\n\t\t\t\t<div class=\"e-load-more-anchor\" data-page=\"1\" data-max-page=\"5\" data-next-page=\"https:\/\/corremartin.com\/en\/wp-json\/wp\/v2\/pages\/3046\/page\/2\/\"><\/div>\n\t\t\t\t<nav class=\"elementor-pagination\" aria-label=\"Pagination\">\n\t\t\t<span class=\"page-numbers prev\">&laquo; Anterior<\/span>\n<span aria-current=\"page\" class=\"page-numbers current\"><span class=\"elementor-screen-only\">Page<\/span>1<\/span>\n<a class=\"page-numbers\" href=\"https:\/\/corremartin.com\/en\/wp-json\/wp\/v2\/pages\/3046\/page\/2\/\"><span class=\"elementor-screen-only\">Page<\/span>2<\/a>\n<a class=\"page-numbers\" href=\"https:\/\/corremartin.com\/en\/wp-json\/wp\/v2\/pages\/3046\/page\/3\/\"><span class=\"elementor-screen-only\">Page<\/span>3<\/a>\n<a class=\"page-numbers\" href=\"https:\/\/corremartin.com\/en\/wp-json\/wp\/v2\/pages\/3046\/page\/4\/\"><span class=\"elementor-screen-only\">Page<\/span>4<\/a>\n<a class=\"page-numbers\" href=\"https:\/\/corremartin.com\/en\/wp-json\/wp\/v2\/pages\/3046\/page\/5\/\"><span class=\"elementor-screen-only\">Page<\/span>5<\/a>\n<a class=\"page-numbers next\" href=\"https:\/\/corremartin.com\/en\/wp-json\/wp\/v2\/pages\/3046\/page\/2\/\">Siguiente &raquo;<\/a>\t\t<\/nav>\n\t\t\t\t<\/div>\n\t\t\t\t<\/div>\n\t\t\t\t\t<\/div>\n\t\t<\/div>\n\t\t\t\t\t\t\t<\/div>\n\t\t<\/section>\n\t\t\t\t\t\t\t<\/div>","protected":false},"excerpt":{"rendered":"<p>News<\/p>","protected":false},"author":2,"featured_media":0,"parent":0,"menu_order":0,"comment_status":"closed","ping_status":"closed","template":"","meta":{"om_disable_all_campaigns":false,"_monsterinsights_skip_tracking":false,"_monsterinsights_sitenote_active":false,"_monsterinsights_sitenote_note":"","_monsterinsights_sitenote_category":0,"footnotes":""},"categories":[],"tags":[],"class_list":["post-3046","page","type-page","status-publish","hentry"],"acf":[],"aioseo_notices":[],"_links":{"self":[{"href":"https:\/\/corremartin.com\/en\/wp-json\/wp\/v2\/pages\/3046","targetHints":{"allow":["GET"]}}],"collection":[{"href":"https:\/\/corremartin.com\/en\/wp-json\/wp\/v2\/pages"}],"about":[{"href":"https:\/\/corremartin.com\/en\/wp-json\/wp\/v2\/types\/page"}],"author":[{"embeddable":true,"href":"https:\/\/corremartin.com\/en\/wp-json\/wp\/v2\/users\/2"}],"replies":[{"embeddable":true,"href":"https:\/\/corremartin.com\/en\/wp-json\/wp\/v2\/comments?post=3046"}],"version-history":[{"count":16,"href":"https:\/\/corremartin.com\/en\/wp-json\/wp\/v2\/pages\/3046\/revisions"}],"predecessor-version":[{"id":4541,"href":"https:\/\/corremartin.com\/en\/wp-json\/wp\/v2\/pages\/3046\/revisions\/4541"}],"wp:attachment":[{"href":"https:\/\/corremartin.com\/en\/wp-json\/wp\/v2\/media?parent=3046"}],"wp:term":[{"taxonomy":"category","embeddable":true,"href":"https:\/\/corremartin.com\/en\/wp-json\/wp\/v2\/categories?post=3046"},{"taxonomy":"post_tag","embeddable":true,"href":"https:\/\/corremartin.com\/en\/wp-json\/wp\/v2\/tags?post=3046"}],"curies":[{"name":"wp","href":"https:\/\/api.w.org\/{rel}","templated":true}]}}